{"id":3330,"date":"2021-02-22T20:57:19","date_gmt":"2021-02-22T19:57:19","guid":{"rendered":"http:\/\/20.224.136.40\/en\/?page_id=3330"},"modified":"2021-03-30T13:00:21","modified_gmt":"2021-03-30T12:00:21","slug":"idina-project","status":"publish","type":"page","link":"https:\/\/premioin3mais.pt\/en\/idina-project\/","title":{"rendered":"IDINA"},"content":{"rendered":"<p>[et_pb_section fb_built=&#8221;1&#8243; custom_padding_last_edited=&#8221;on|desktop&#8221; _builder_version=&#8221;4.8.0&#8243; _module_preset=&#8221;default&#8221; use_background_color_gradient=&#8221;on&#8221; background_color_gradient_start=&#8221;rgba(0,0,0,0.23)&#8221; background_color_gradient_end=&#8221;rgba(0,0,0,0.23)&#8221; background_color_gradient_overlays_image=&#8221;on&#8221; background_image=&#8221;http:\/\/premioin3mais.pt\/en\/wp-content\/uploads\/2021\/02\/finalists-page-bg.jpg&#8221; background_position=&#8221;top_center&#8221; custom_padding=&#8221;150px||150px||false|false&#8221; custom_padding_tablet=&#8221;&#8221; custom_padding_phone=&#8221;70px||70px||false|false&#8221;][et_pb_row _builder_version=&#8221;4.8.2&#8243; _module_preset=&#8221;default&#8221; custom_padding=&#8221;||17px||false|false&#8221;][et_pb_column type=&#8221;4_4&#8243; _builder_version=&#8221;4.8.2&#8243; _module_preset=&#8221;default&#8221;][et_pb_text _builder_version=&#8221;4.8.0&#8243; _module_preset=&#8221;default&#8221; header_text_align=&#8221;center&#8221; header_text_color=&#8221;#FFFFFF&#8221; header_font_size=&#8221;60px&#8221; header_5_font_size=&#8221;28px&#8221; header_5_letter_spacing=&#8221;1px&#8221; header_5_line_height=&#8221;1.3em&#8221; custom_margin=&#8221;0px||0px||false|false&#8221; custom_margin_tablet=&#8221;&#8221; custom_margin_phone=&#8221;&#8221; custom_margin_last_edited=&#8221;on|desktop&#8221; custom_padding=&#8221;0px||0px||false|false&#8221; header_font_size_tablet=&#8221;55px&#8221; header_font_size_phone=&#8221;40px&#8221; header_font_size_last_edited=&#8221;on|desktop&#8221; header_5_font_size_tablet=&#8221;&#8221; header_5_font_size_phone=&#8221;&#8221; header_5_font_size_last_edited=&#8221;on|desktop&#8221; header_5_letter_spacing_tablet=&#8221;&#8221; header_5_letter_spacing_phone=&#8221;&#8221; header_5_letter_spacing_last_edited=&#8221;on|desktop&#8221; header_5_line_height_tablet=&#8221;&#8221; header_5_line_height_phone=&#8221;&#8221; header_5_line_height_last_edited=&#8221;on|desktop&#8221;]<\/p>\n<h1 style=\"font-family: 'ITC Avant Garde Bold';\"><strong>IDINA<\/strong><\/h1>\n<p>[\/et_pb_text][\/et_pb_column][\/et_pb_row][\/et_pb_section][et_pb_section fb_built=&#8221;1&#8243; _builder_version=&#8221;4.8.2&#8243; _module_preset=&#8221;default&#8221;][et_pb_row _builder_version=&#8221;4.8.2&#8243; _module_preset=&#8221;default&#8221; custom_padding=&#8221;||0px|||&#8221;][et_pb_column type=&#8221;4_4&#8243; _builder_version=&#8221;4.8.2&#8243; _module_preset=&#8221;default&#8221;][et_pb_image src=&#8221;http:\/\/premioin3mais.pt\/en\/wp-content\/uploads\/2021\/03\/IDINA_logo.png&#8221; title_text=&#8221;IDINA_logo&#8221; align=&#8221;center&#8221; disabled_on=&#8221;off|off|off&#8221; _builder_version=&#8221;4.9.2&#8243; _module_preset=&#8221;default&#8221; width=&#8221;55%&#8221; width_tablet=&#8221;&#8221; width_phone=&#8221;&#8221; width_last_edited=&#8221;on|desktop&#8221; hover_enabled=&#8221;0&#8243; sticky_enabled=&#8221;0&#8243;][\/et_pb_image][et_pb_text _builder_version=&#8221;4.8.0&#8243; _module_preset=&#8221;default&#8221; text_text_color=&#8221;#000000&#8243; text_font_size=&#8221;19px&#8221;]<strong>The idea aims to develop a Non-Authoritative Digital Identity platform that can be implemented and widely used in countries that do not have central state identification systems for all their citizens.<\/strong><\/p>\n<p>It is therefore intended to develop mechanisms that allow representatives of credible institutions such as schools, health institutions or local authorities, to attest the birth place and experience of citizens on the basis of various events such as vaccination and entry into education. This platform may subsequently integrate or even take the role of authoritative registration.[\/et_pb_text][et_pb_video src=&#8221;https:\/\/www.youtube.com\/watch?v=69oiZqpe6o8&#8243; _builder_version=&#8221;4.9.2&#8243; _module_preset=&#8221;default&#8221; hover_enabled=&#8221;0&#8243; sticky_enabled=&#8221;0&#8243;][\/et_pb_video][et_pb_text _builder_version=&#8221;4.8.0&#8243; _module_preset=&#8221;default&#8221; header_text_align=&#8221;center&#8221; header_5_font_size=&#8221;28px&#8221; header_5_letter_spacing=&#8221;1px&#8221; header_5_line_height=&#8221;1.3em&#8221; custom_margin=&#8221;90px||||false|false&#8221; custom_margin_tablet=&#8221;&#8221; custom_margin_phone=&#8221;&#8221; custom_margin_last_edited=&#8221;on|desktop&#8221; header_5_font_size_tablet=&#8221;&#8221; header_5_font_size_phone=&#8221;&#8221; header_5_font_size_last_edited=&#8221;on|desktop&#8221; header_5_letter_spacing_tablet=&#8221;&#8221; header_5_letter_spacing_phone=&#8221;&#8221; header_5_letter_spacing_last_edited=&#8221;on|desktop&#8221; header_5_line_height_tablet=&#8221;&#8221; header_5_line_height_phone=&#8221;&#8221; header_5_line_height_last_edited=&#8221;on|desktop&#8221;]<\/p>\n<h3 style=\"font-family: 'ITC Avant Garde Bold'; text-align: center;\">Promoting Team<\/h3>\n<p>[\/et_pb_text][\/et_pb_column][\/et_pb_row][\/et_pb_section][et_pb_section fb_built=&#8221;1&#8243; _builder_version=&#8221;4.0.6&#8243; custom_padding=&#8221;0px|||||&#8221;][et_pb_row column_structure=&#8221;1_3,1_3,1_3&#8243; custom_padding_last_edited=&#8221;on|desktop&#8221; disabled_on=&#8221;off|off|off&#8221; _builder_version=&#8221;4.6.0&#8243; custom_padding=&#8221;30px||30px||false|false&#8221; custom_padding_tablet=&#8221;&#8221; custom_padding_phone=&#8221;&#8221;][et_pb_column type=&#8221;1_3&#8243; _builder_version=&#8221;4.2.2&#8243;][et_pb_team_member name=&#8221;Jo\u00e3o Marco Silva&#8221; image_url=&#8221;http:\/\/premioin3mais.pt\/en\/wp-content\/uploads\/2021\/02\/Joao_Marco_Silva_.jpg&#8221; icon_color=&#8221;#000000&#8243; disabled_on=&#8221;off|off|off&#8221; _builder_version=&#8221;4.8.2&#8243; header_font=&#8221;|700|||||||&#8221; header_font_size=&#8221;22px&#8221; body_font=&#8221;||on||||||&#8221; body_text_color=&#8221;#000000&#8243; body_line_height=&#8221;1.6em&#8221; position_font=&#8221;||||||||&#8221; position_font_size=&#8221;18px&#8221; position_line_height=&#8221;1.4em&#8221; custom_margin=&#8221;||||false|false&#8221; custom_padding=&#8221;||30px||false|false&#8221; custom_padding_tablet=&#8221;&#8221; custom_padding_phone=&#8221;60px||||false|false&#8221; custom_padding_last_edited=&#8221;on|phone&#8221; animation_style=&#8221;slide&#8221; animation_direction=&#8221;left&#8221; animation_intensity_slide=&#8221;5%&#8221; header_font_size_tablet=&#8221;&#8221; header_font_size_phone=&#8221;&#8221; header_font_size_last_edited=&#8221;on|desktop&#8221; header_line_height_tablet=&#8221;&#8221; header_line_height_phone=&#8221;0.9em&#8221; header_line_height_last_edited=&#8221;on|phone&#8221; body_font_size_tablet=&#8221;&#8221; body_font_size_phone=&#8221;&#8221; body_font_size_last_edited=&#8221;on|desktop&#8221; custom_css_title=&#8221;font-family: &#8216;ITC Avant Garde&#8217; !important;&#8221; custom_css_member_position=&#8221;font-family: &#8216;ITC Avant Garde&#8217; !important;&#8221;][\/et_pb_team_member][et_pb_toggle open_toggle_background_color=&#8221;#ffffff&#8221; closed_toggle_background_color=&#8221;#ffffff&#8221; icon_color=&#8221;#ffc800&#8243; use_icon_font_size=&#8221;on&#8221; icon_font_size=&#8221;25px&#8221; icon_font_size_tablet=&#8221;&#8221; icon_font_size_phone=&#8221;&#8221; icon_font_size_last_edited=&#8221;on|desktop&#8221; _builder_version=&#8221;4.8.0&#8243; _module_preset=&#8221;default&#8221; body_text_color=&#8221;#000000&#8243; body_line_height=&#8221;1.8em&#8221; background_color=&#8221;rgba(0,0,0,0)&#8221; custom_margin=&#8221;-50px||||false|false&#8221; custom_margin_tablet=&#8221;&#8221; custom_margin_phone=&#8221;&#8221; custom_margin_last_edited=&#8221;on|desktop&#8221; body_line_height_tablet=&#8221;&#8221; body_line_height_phone=&#8221;&#8221; body_line_height_last_edited=&#8221;on|desktop&#8221; border_width_all=&#8221;0px&#8221; border_color_all=&#8221;#ffc800&#8243; border_width_bottom=&#8221;4px&#8221;]<\/p>\n<p style=\"font-family: 'ITC Avant Garde';\">Jo\u00e3o Marco Silva is an assistant researcher at INESC TEC, invited professor at the University of Minho and visiting fellow at the United Nations University (Operational Unit in Electronic Governance, UNU-EGOV). His current research interests are Computer Security, Computer Networks and Digital Identity.<\/p>\n<p>[\/et_pb_toggle][\/et_pb_column][et_pb_column type=&#8221;1_3&#8243; _builder_version=&#8221;4.2.2&#8243;][et_pb_team_member name=&#8221;V\u00edtor Fonte&#8221; image_url=&#8221;http:\/\/premioin3mais.pt\/en\/wp-content\/uploads\/2021\/02\/Vitor_Fonte_.jpg&#8221; icon_color=&#8221;#000000&#8243; disabled_on=&#8221;off|off|off&#8221; _builder_version=&#8221;4.8.2&#8243; header_font=&#8221;|700|||||||&#8221; header_font_size=&#8221;22px&#8221; body_font=&#8221;||on||||||&#8221; body_text_color=&#8221;#000000&#8243; body_line_height=&#8221;1.6em&#8221; position_font=&#8221;||||||||&#8221; position_font_size=&#8221;18px&#8221; position_line_height=&#8221;1.4em&#8221; custom_margin=&#8221;||||false|false&#8221; custom_padding=&#8221;||30px||false|false&#8221; custom_padding_tablet=&#8221;&#8221; custom_padding_phone=&#8221;60px||||false|false&#8221; custom_padding_last_edited=&#8221;on|phone&#8221; animation_style=&#8221;slide&#8221; animation_direction=&#8221;left&#8221; animation_intensity_slide=&#8221;5%&#8221; header_font_size_tablet=&#8221;&#8221; header_font_size_phone=&#8221;&#8221; header_font_size_last_edited=&#8221;on|desktop&#8221; header_line_height_tablet=&#8221;&#8221; header_line_height_phone=&#8221;0.9em&#8221; header_line_height_last_edited=&#8221;on|phone&#8221; body_font_size_tablet=&#8221;&#8221; body_font_size_phone=&#8221;&#8221; body_font_size_last_edited=&#8221;on|desktop&#8221; custom_css_title=&#8221;font-family: &#8216;ITC Avant Garde&#8217; !important;&#8221; custom_css_member_position=&#8221;font-family: &#8216;ITC Avant Garde&#8217; !important;&#8221;][\/et_pb_team_member][et_pb_toggle open_toggle_background_color=&#8221;#ffffff&#8221; closed_toggle_background_color=&#8221;#ffffff&#8221; icon_color=&#8221;#ffc800&#8243; use_icon_font_size=&#8221;on&#8221; icon_font_size=&#8221;25px&#8221; icon_font_size_tablet=&#8221;&#8221; icon_font_size_phone=&#8221;&#8221; icon_font_size_last_edited=&#8221;on|desktop&#8221; _builder_version=&#8221;4.8.0&#8243; _module_preset=&#8221;default&#8221; body_text_color=&#8221;#000000&#8243; body_line_height=&#8221;1.8em&#8221; background_color=&#8221;rgba(0,0,0,0)&#8221; custom_margin=&#8221;-50px||||false|false&#8221; custom_margin_tablet=&#8221;&#8221; custom_margin_phone=&#8221;&#8221; custom_margin_last_edited=&#8221;on|desktop&#8221; body_line_height_tablet=&#8221;&#8221; body_line_height_phone=&#8221;&#8221; body_line_height_last_edited=&#8221;on|desktop&#8221; border_width_all=&#8221;0px&#8221; border_color_all=&#8221;#ffc800&#8243; border_width_bottom=&#8221;4px&#8221;]<\/p>\n<p style=\"font-family: 'ITC Avant Garde';\">V\u00edtor Fonte is a senior researcher at INESC TEC, assistant professor at the University of Minho and adjunct professor at the University of the United Nations (Operational Unit in Electronic Governance, UNU-EGOV). His current research interests are Trusted Distributed Systems, Computer Security and Digital Identity.<\/p>\n<p>[\/et_pb_toggle][\/et_pb_column][et_pb_column type=&#8221;1_3&#8243; _builder_version=&#8221;4.2.2&#8243;][et_pb_team_member name=&#8221;Ant\u00f3nio Sousa&#8221; image_url=&#8221;http:\/\/premioin3mais.pt\/en\/wp-content\/uploads\/2021\/02\/Antonio_Sousa_.jpg&#8221; icon_color=&#8221;#000000&#8243; disabled_on=&#8221;off|off|off&#8221; _builder_version=&#8221;4.8.2&#8243; header_font=&#8221;|700|||||||&#8221; header_font_size=&#8221;22px&#8221; body_font=&#8221;||on||||||&#8221; body_text_color=&#8221;#000000&#8243; body_line_height=&#8221;1.6em&#8221; position_font=&#8221;||||||||&#8221; position_font_size=&#8221;18px&#8221; position_line_height=&#8221;1.4em&#8221; custom_margin=&#8221;||||false|false&#8221; custom_padding=&#8221;||30px||false|false&#8221; custom_padding_tablet=&#8221;&#8221; custom_padding_phone=&#8221;60px||||false|false&#8221; custom_padding_last_edited=&#8221;on|phone&#8221; animation_style=&#8221;slide&#8221; animation_direction=&#8221;left&#8221; animation_intensity_slide=&#8221;5%&#8221; header_font_size_tablet=&#8221;&#8221; header_font_size_phone=&#8221;&#8221; header_font_size_last_edited=&#8221;on|desktop&#8221; header_line_height_tablet=&#8221;&#8221; header_line_height_phone=&#8221;0.9em&#8221; header_line_height_last_edited=&#8221;on|phone&#8221; body_font_size_tablet=&#8221;&#8221; body_font_size_phone=&#8221;&#8221; body_font_size_last_edited=&#8221;on|desktop&#8221; custom_css_title=&#8221;font-family: &#8216;ITC Avant Garde&#8217; !important;&#8221; custom_css_member_position=&#8221;font-family: &#8216;ITC Avant Garde&#8217; !important;&#8221;][\/et_pb_team_member][et_pb_toggle open_toggle_background_color=&#8221;#ffffff&#8221; closed_toggle_background_color=&#8221;#ffffff&#8221; icon_color=&#8221;#ffc800&#8243; use_icon_font_size=&#8221;on&#8221; icon_font_size=&#8221;25px&#8221; icon_font_size_tablet=&#8221;&#8221; icon_font_size_phone=&#8221;&#8221; icon_font_size_last_edited=&#8221;on|desktop&#8221; _builder_version=&#8221;4.8.0&#8243; _module_preset=&#8221;default&#8221; body_text_color=&#8221;#000000&#8243; body_line_height=&#8221;1.8em&#8221; background_color=&#8221;rgba(0,0,0,0)&#8221; custom_margin=&#8221;-50px||||false|false&#8221; custom_margin_tablet=&#8221;&#8221; custom_margin_phone=&#8221;&#8221; custom_margin_last_edited=&#8221;on|desktop&#8221; body_line_height_tablet=&#8221;&#8221; body_line_height_phone=&#8221;&#8221; body_line_height_last_edited=&#8221;on|desktop&#8221; border_width_all=&#8221;0px&#8221; border_color_all=&#8221;#ffc800&#8243; border_width_bottom=&#8221;4px&#8221;]<\/p>\n<p style=\"font-family: 'ITC Avant Garde';\">Ant\u00f3nio Sousa is a senior researcher at INESC TEC, assistant professor at the University of Minho and co-coordinator of the Center for Research in Reliable Software &#8211; HASLAB. His current research interests are Trusted Distributed Systems and Digital Identity.<\/p>\n<p>[\/et_pb_toggle][\/et_pb_column][\/et_pb_row][\/et_pb_section][et_pb_section fb_built=&#8221;1&#8243; _builder_version=&#8221;4.8.2&#8243; _module_preset=&#8221;default&#8221;][et_pb_row _builder_version=&#8221;4.8.2&#8243; _module_preset=&#8221;default&#8221;][et_pb_column type=&#8221;4_4&#8243; _builder_version=&#8221;4.8.2&#8243; _module_preset=&#8221;default&#8221;][et_pb_text disabled_on=&#8221;on|on|on&#8221; _builder_version=&#8221;4.8.2&#8243; _module_preset=&#8221;default&#8221; header_text_align=&#8221;center&#8221; header_font_size=&#8221;40px&#8221; header_5_font_size=&#8221;28px&#8221; header_5_letter_spacing=&#8221;1px&#8221; header_5_line_height=&#8221;1.3em&#8221; header_font_size_tablet=&#8221;&#8221; header_font_size_phone=&#8221;&#8221; header_font_size_last_edited=&#8221;on|desktop&#8221; header_5_font_size_tablet=&#8221;&#8221; header_5_font_size_phone=&#8221;&#8221; header_5_font_size_last_edited=&#8221;on|desktop&#8221; header_5_letter_spacing_tablet=&#8221;&#8221; header_5_letter_spacing_phone=&#8221;&#8221; header_5_letter_spacing_last_edited=&#8221;on|desktop&#8221; header_5_line_height_tablet=&#8221;&#8221; header_5_line_height_phone=&#8221;&#8221; header_5_line_height_last_edited=&#8221;on|desktop&#8221; disabled=&#8221;on&#8221;]<\/p>\n<h3 style=\"font-family: 'ITC Avant Garde Bold'; text-align: center;\">Entidade Promotora em que se insere a<br \/> equipa de investiga\u00e7\u00e3o:<\/h3>\n<p>[\/et_pb_text][\/et_pb_column][\/et_pb_row][et_pb_row disabled_on=&#8221;on|on|on&#8221; _builder_version=&#8221;4.8.2&#8243; _module_preset=&#8221;default&#8221; disabled=&#8221;on&#8221;][et_pb_column type=&#8221;4_4&#8243; _builder_version=&#8221;4.8.2&#8243; _module_preset=&#8221;default&#8221;][et_pb_image src=&#8221;http:\/\/premioin3mais.pt\/en\/wp-content\/uploads\/2021\/02\/fhp_w_l.png&#8221; title_text=&#8221;fhp_w_l&#8221; align=&#8221;center&#8221; _builder_version=&#8221;4.8.2&#8243; _module_preset=&#8221;default&#8221; width=&#8221;45%&#8221; width_tablet=&#8221;&#8221; width_phone=&#8221;&#8221; width_last_edited=&#8221;on|desktop&#8221; custom_margin=&#8221;11px||||false|false&#8221; custom_margin_tablet=&#8221;&#8221; custom_margin_phone=&#8221;&#8221; custom_margin_last_edited=&#8221;on|desktop&#8221;][\/et_pb_image][et_pb_text disabled_on=&#8221;off|off|off&#8221; _builder_version=&#8221;4.8.2&#8243; _module_preset=&#8221;default&#8221; header_5_font_size=&#8221;28px&#8221; header_5_letter_spacing=&#8221;1px&#8221; header_5_line_height=&#8221;1.3em&#8221; header_5_font_size_tablet=&#8221;&#8221; header_5_font_size_phone=&#8221;&#8221; header_5_font_size_last_edited=&#8221;on|desktop&#8221; header_5_letter_spacing_tablet=&#8221;&#8221; header_5_letter_spacing_phone=&#8221;&#8221; header_5_letter_spacing_last_edited=&#8221;on|desktop&#8221; header_5_line_height_tablet=&#8221;&#8221; header_5_line_height_phone=&#8221;&#8221; header_5_line_height_last_edited=&#8221;on|desktop&#8221;]<\/p>\n<p style=\"font-family: 'ITC Avant Garde Bold';\">A miss\u00e3o da Fraunhofer Portugal de realizar investiga\u00e7\u00e3o aplicada de utilidade direta para empresas privadas e p\u00fablicas e de amplo benef\u00edcio para a sociedade, materializa-se atualmente atrav\u00e9s do Fraunhofer Portugal Research Center for Assistive Information and Communication Solutions (FhP-AICOS), localizado no Porto e criado em 2009 no seguimento de uma parceria entre a Fraunhofer Society (Fraunhofer Gesellschaft), a Funda\u00e7\u00e3o para a Ci\u00eancia e Tecnologia e a Universidade do Porto.<br \/>\nCom uma equipa de mais de 80 investigadores contratados e uma carteira de clientes nas mais diversas \u00e1reas, como sa\u00fade, agricultura, retalho ou energia, a FhP-AICOS consolidou compet\u00eancias em Human-Centered Design (Design Centrado no Ser Humano), Intelig\u00eancia Artificial e Sistemas Ciber-F\u00edsicos.<br \/>\nA an\u00e1lise do utilizador nos seus ambientes, vis\u00e3o computacional, sistemas cognitivos e de apoio \u00e0 decis\u00e3o e a Internet das coisas (Internet of Things) s\u00e3o alguns dos campos de estudo da AICOS. Focada na pesquisa aplicada e no sucesso de seus clientes, a AICOS desenvolve solu\u00e7\u00f5es tecnol\u00f3gicas inovadoras, intuitivas, acess\u00edveis e omnipresentes, com solu\u00e7\u00f5es cognitivas ligadas, vivendo e envelhecendo com dados, intelig\u00eancia artificial respons\u00e1vel e tecnologia descentralizada de sa\u00fade. O hist\u00f3rico do FhP-AICOS em colabora\u00e7\u00f5es institucionais e comerciais construiu uma ampla rede de parceiros. Desde 2009, esteve envolvida em 10 projetos europeus e estabeleceu parcerias com mais de 150 organiza\u00e7\u00f5es em 31 pa\u00edses.\n<\/p>\n<p>[\/et_pb_text][\/et_pb_column][\/et_pb_row][\/et_pb_section]<\/p>\n","protected":false},"excerpt":{"rendered":"<p>IDINAThe idea aims to develop a Non-Authoritative Digital Identity platform that can be implemented and widely used in countries that do not have central state identification systems for all their citizens. It is therefore intended to develop mechanisms that allow representatives of credible institutions such as schools, health institutions or local authorities, to attest the [&hellip;]<\/p>\n","protected":false},"author":1,"featured_media":0,"parent":0,"menu_order":0,"comment_status":"closed","ping_status":"closed","template":"","meta":{"_seopress_robots_primary_cat":"","_seopress_titles_title":"","_seopress_titles_desc":"","_seopress_robots_index":"","_et_pb_use_builder":"on","_et_pb_old_content":"","_et_gb_content_width":"","_exactmetrics_skip_tracking":false,"_exactmetrics_sitenote_active":false,"_exactmetrics_sitenote_note":"","_exactmetrics_sitenote_category":0,"footnotes":""},"class_list":["post-3330","page","type-page","status-publish","hentry"],"_links":{"self":[{"href":"https:\/\/premioin3mais.pt\/en\/wp-json\/wp\/v2\/pages\/3330","targetHints":{"allow":["GET"]}}],"collection":[{"href":"https:\/\/premioin3mais.pt\/en\/wp-json\/wp\/v2\/pages"}],"about":[{"href":"https:\/\/premioin3mais.pt\/en\/wp-json\/wp\/v2\/types\/page"}],"author":[{"embeddable":true,"href":"https:\/\/premioin3mais.pt\/en\/wp-json\/wp\/v2\/users\/1"}],"replies":[{"embeddable":true,"href":"https:\/\/premioin3mais.pt\/en\/wp-json\/wp\/v2\/comments?post=3330"}],"version-history":[{"count":8,"href":"https:\/\/premioin3mais.pt\/en\/wp-json\/wp\/v2\/pages\/3330\/revisions"}],"predecessor-version":[{"id":3502,"href":"https:\/\/premioin3mais.pt\/en\/wp-json\/wp\/v2\/pages\/3330\/revisions\/3502"}],"wp:attachment":[{"href":"https:\/\/premioin3mais.pt\/en\/wp-json\/wp\/v2\/media?parent=3330"}],"curies":[{"name":"wp","href":"https:\/\/api.w.org\/{rel}","templated":true}]}}